{"id":32022,"date":"2019-01-23T09:19:59","date_gmt":"2019-01-23T08:19:59","guid":{"rendered":"http:\/\/jbpastoretfils.mc\/?page_id=32022"},"modified":"2026-04-09T16:40:05","modified_gmt":"2026-04-09T15:40:05","slug":"ateliers-du-bois","status":"publish","type":"page","link":"https:\/\/jbpastoretfils.mc\/?page_id=32022","title":{"rendered":"Ateliers du Bois"},"content":{"rendered":"\r\n<p><strong>ATELIERS DU BOIS<\/strong><\/p>\r\n<p><strong><a href=\"https:\/\/jbpastoretfils.mc\/?page_id=439\">Menuiserie Bois<\/a> &#8211; <a href=\"https:\/\/jbpastoretfils.mc\/?page_id=458\">Menuiserie Bois Traditionnelle<\/a><\/strong><\/p>\r\n<p>Date de cr\u00e9ation\u00a0: 1974<br \/>Chiffre d\u2019Affaires : 3 M d\u2019\u20ac<br \/>Effectif : 21<\/p>\r\n<p>Les Ateliers du Bois ont rejoint la S.A.M. des Entreprises J.B. PASTOR &amp; FILS en janvier 2019.<\/p>\r\n<p>Entreprise familiale Mon\u00e9gasque, fond\u00e9e en 1974 par Monsieur Agostino TURUANI, puis dirig\u00e9e par son fils Serge TURUANI.<\/p>\r\n<p>Les Ateliers du Bois ma\u00eetrisent \u00e0 la perfection la totalit\u00e9 des m\u00e9tiers de la Menuiserie Bois et peuvent r\u00e9pondre \u00e0 l&rsquo;ensemble des demandes de la Client\u00e8le\u00a0: parquet, meubles, \u00e9b\u00e9nisterie, menuiserie int\u00e9rieure et ext\u00e9rieure, cuisine, salle de bain&#8230; mod\u00e9lisation de leurs projets en 3D \u00e0 l\u2019appui.<\/p>\r\n<p>Membre de la Fondation Albert II, notre entreprise met un point d&rsquo;honneur \u00e0 proposer des bois de qualit\u00e9 conformes aux normes FSC et PEFC participant \u00e0 la pr\u00e9servation des for\u00eats.<\/p>\r\n<p>Notre atelier et notre d\u00e9p\u00f4t de plus de 1 000 m2, implant\u00e9s dans le quartier de Fontvieille, disposent de l\u2019\u00e9quipement performant n\u00e9cessaire\u00a0 \u00e0 nos r\u00e9alisations. Une cabine de laquage et de vernissage, unique \u00e0 Monaco, nous permet de cr\u00e9er des am\u00e9nagements sur mesure et d\u2019exception avec le concours de nos Compagnons hautement qualifi\u00e9s, pour certains dans l\u2019entreprise depuis son origine\u00a0!<\/p>\r\n<p>Nos r\u00e9f\u00e9rences sont prestigieuses\u00a0: l\u2019H\u00f4tel de Paris, l\u2019H\u00f4tel Hermitage, Le Casino de Monte-Carlo, l\u2019Automobile Club de Monaco, Les Villas du Sporting\u2026<\/p>\r\n\r\n\r\n\r\n\r\n\r\n\r\n\r\n\r\n\r\n\r\n\r\n\r\n","protected":false},"excerpt":{"rendered":"<p>ATELIERS DU BOIS Menuiserie Bois &#8211; Menuiserie Bois Traditionnelle Date de cr\u00e9ation\u00a0: 1974Chiffre d\u2019Affaires : 3 M d\u2019\u20acEffectif : 21 Les Ateliers du Bois ont rejoint la S.A.M. des Entreprises&#8230;<\/p>\n","protected":false},"author":2,"featured_media":32487,"parent":57,"menu_order":38,"comment_status":"closed","ping_status":"closed","template":"template-entreprise.php","meta":{"_acf_changed":false,"footnotes":""},"categories":[12],"class_list":["post-32022","page","type-page","status-publish","has-post-thumbnail","hentry","category-enseigne-du-groupe"],"acf":[],"yoast_head":"<!-- This site is optimized with the Yoast SEO plugin v25.5 - https:\/\/yoast.com\/wordpress\/plugins\/seo\/ -->\n<title>Ateliers du Bois - JB Pastor &amp; Fils - Monaco<\/title>\n<meta name=\"robots\" content=\"index, follow, max-snippet:-1, max-image-preview:large, max-video-preview:-1\" \/>\n<link rel=\"canonical\" href=\"https:\/\/jbpastoretfils.mc\/?page_id=32022\" \/>\n<meta property=\"og:locale\" content=\"fr_FR\" \/>\n<meta property=\"og:type\" content=\"article\" \/>\n<meta property=\"og:title\" content=\"Ateliers du Bois - JB Pastor &amp; Fils - Monaco\" \/>\n<meta property=\"og:description\" content=\"ATELIERS DU BOIS Menuiserie Bois &#8211; Menuiserie Bois Traditionnelle Date de cr\u00e9ation\u00a0: 1974Chiffre d\u2019Affaires : 3 M d\u2019\u20acEffectif : 21 Les Ateliers du Bois ont rejoint la S.A.M. des Entreprises...\" \/>\n<meta property=\"og:url\" content=\"https:\/\/jbpastoretfils.mc\/?page_id=32022\" \/>\n<meta property=\"og:site_name\" content=\"JB Pastor &amp; Fils - Monaco\" \/>\n<meta property=\"article:modified_time\" content=\"2026-04-09T15:40:05+00:00\" \/>\n<meta property=\"og:image\" content=\"https:\/\/jbpastoretfils.mc\/wp-content\/uploads\/2019\/02\/logo_les-ateliers-du-bois_color_v12.png\" \/>\n\t<meta property=\"og:image:width\" content=\"1794\" \/>\n\t<meta property=\"og:image:height\" content=\"849\" \/>\n\t<meta property=\"og:image:type\" content=\"image\/png\" \/>\n<meta name=\"twitter:label1\" content=\"Dur\u00e9e de lecture estim\u00e9e\" \/>\n\t<meta name=\"twitter:data1\" content=\"2 minutes\" \/>\n<script type=\"application\/ld+json\" class=\"yoast-schema-graph\">{\"@context\":\"https:\/\/schema.org\",\"@graph\":[{\"@type\":\"WebPage\",\"@id\":\"https:\/\/jbpastoretfils.mc\/?page_id=32022\",\"url\":\"https:\/\/jbpastoretfils.mc\/?page_id=32022\",\"name\":\"Ateliers du Bois - JB Pastor &amp; Fils - Monaco\",\"isPartOf\":{\"@id\":\"https:\/\/jbpastoretfils.mc\/#website\"},\"primaryImageOfPage\":{\"@id\":\"https:\/\/jbpastoretfils.mc\/?page_id=32022#primaryimage\"},\"image\":{\"@id\":\"https:\/\/jbpastoretfils.mc\/?page_id=32022#primaryimage\"},\"thumbnailUrl\":\"https:\/\/jbpastoretfils.mc\/wp-content\/uploads\/2019\/02\/logo_les-ateliers-du-bois_color_v12.png\",\"datePublished\":\"2019-01-23T08:19:59+00:00\",\"dateModified\":\"2026-04-09T15:40:05+00:00\",\"breadcrumb\":{\"@id\":\"https:\/\/jbpastoretfils.mc\/?page_id=32022#breadcrumb\"},\"inLanguage\":\"fr-FR\",\"potentialAction\":[{\"@type\":\"ReadAction\",\"target\":[\"https:\/\/jbpastoretfils.mc\/?page_id=32022\"]}]},{\"@type\":\"ImageObject\",\"inLanguage\":\"fr-FR\",\"@id\":\"https:\/\/jbpastoretfils.mc\/?page_id=32022#primaryimage\",\"url\":\"https:\/\/jbpastoretfils.mc\/wp-content\/uploads\/2019\/02\/logo_les-ateliers-du-bois_color_v12.png\",\"contentUrl\":\"https:\/\/jbpastoretfils.mc\/wp-content\/uploads\/2019\/02\/logo_les-ateliers-du-bois_color_v12.png\",\"width\":1794,\"height\":849},{\"@type\":\"BreadcrumbList\",\"@id\":\"https:\/\/jbpastoretfils.mc\/?page_id=32022#breadcrumb\",\"itemListElement\":[{\"@type\":\"ListItem\",\"position\":1,\"name\":\"Accueil\",\"item\":\"https:\/\/jbpastoretfils.mc\/\"},{\"@type\":\"ListItem\",\"position\":2,\"name\":\"Nos Entreprises\",\"item\":\"https:\/\/jbpastoretfils.mc\/?page_id=4\"},{\"@type\":\"ListItem\",\"position\":3,\"name\":\"Nos Enseignes et Soci\u00e9t\u00e9s\",\"item\":\"https:\/\/jbpastoretfils.mc\/?page_id=57\"},{\"@type\":\"ListItem\",\"position\":4,\"name\":\"Ateliers du Bois\"}]},{\"@type\":\"WebSite\",\"@id\":\"https:\/\/jbpastoretfils.mc\/#website\",\"url\":\"https:\/\/jbpastoretfils.mc\/\",\"name\":\"JB Pastor &amp; Fils - Monaco\",\"description\":\"Construction Monaco\",\"potentialAction\":[{\"@type\":\"SearchAction\",\"target\":{\"@type\":\"EntryPoint\",\"urlTemplate\":\"https:\/\/jbpastoretfils.mc\/?s={search_term_string}\"},\"query-input\":{\"@type\":\"PropertyValueSpecification\",\"valueRequired\":true,\"valueName\":\"search_term_string\"}}],\"inLanguage\":\"fr-FR\"}]}<\/script>\n<!-- \/ Yoast SEO plugin. -->","yoast_head_json":{"title":"Ateliers du Bois - JB Pastor &amp; Fils - Monaco","robots":{"index":"index","follow":"follow","max-snippet":"max-snippet:-1","max-image-preview":"max-image-preview:large","max-video-preview":"max-video-preview:-1"},"canonical":"https:\/\/jbpastoretfils.mc\/?page_id=32022","og_locale":"fr_FR","og_type":"article","og_title":"Ateliers du Bois - JB Pastor &amp; Fils - Monaco","og_description":"ATELIERS DU BOIS Menuiserie Bois &#8211; Menuiserie Bois Traditionnelle Date de cr\u00e9ation\u00a0: 1974Chiffre d\u2019Affaires : 3 M d\u2019\u20acEffectif : 21 Les Ateliers du Bois ont rejoint la S.A.M. des Entreprises...","og_url":"https:\/\/jbpastoretfils.mc\/?page_id=32022","og_site_name":"JB Pastor &amp; Fils - Monaco","article_modified_time":"2026-04-09T15:40:05+00:00","og_image":[{"width":1794,"height":849,"url":"https:\/\/jbpastoretfils.mc\/wp-content\/uploads\/2019\/02\/logo_les-ateliers-du-bois_color_v12.png","type":"image\/png"}],"twitter_misc":{"Dur\u00e9e de lecture estim\u00e9e":"2 minutes"},"schema":{"@context":"https:\/\/schema.org","@graph":[{"@type":"WebPage","@id":"https:\/\/jbpastoretfils.mc\/?page_id=32022","url":"https:\/\/jbpastoretfils.mc\/?page_id=32022","name":"Ateliers du Bois - JB Pastor &amp; Fils - Monaco","isPartOf":{"@id":"https:\/\/jbpastoretfils.mc\/#website"},"primaryImageOfPage":{"@id":"https:\/\/jbpastoretfils.mc\/?page_id=32022#primaryimage"},"image":{"@id":"https:\/\/jbpastoretfils.mc\/?page_id=32022#primaryimage"},"thumbnailUrl":"https:\/\/jbpastoretfils.mc\/wp-content\/uploads\/2019\/02\/logo_les-ateliers-du-bois_color_v12.png","datePublished":"2019-01-23T08:19:59+00:00","dateModified":"2026-04-09T15:40:05+00:00","breadcrumb":{"@id":"https:\/\/jbpastoretfils.mc\/?page_id=32022#breadcrumb"},"inLanguage":"fr-FR","potentialAction":[{"@type":"ReadAction","target":["https:\/\/jbpastoretfils.mc\/?page_id=32022"]}]},{"@type":"ImageObject","inLanguage":"fr-FR","@id":"https:\/\/jbpastoretfils.mc\/?page_id=32022#primaryimage","url":"https:\/\/jbpastoretfils.mc\/wp-content\/uploads\/2019\/02\/logo_les-ateliers-du-bois_color_v12.png","contentUrl":"https:\/\/jbpastoretfils.mc\/wp-content\/uploads\/2019\/02\/logo_les-ateliers-du-bois_color_v12.png","width":1794,"height":849},{"@type":"BreadcrumbList","@id":"https:\/\/jbpastoretfils.mc\/?page_id=32022#breadcrumb","itemListElement":[{"@type":"ListItem","position":1,"name":"Accueil","item":"https:\/\/jbpastoretfils.mc\/"},{"@type":"ListItem","position":2,"name":"Nos Entreprises","item":"https:\/\/jbpastoretfils.mc\/?page_id=4"},{"@type":"ListItem","position":3,"name":"Nos Enseignes et Soci\u00e9t\u00e9s","item":"https:\/\/jbpastoretfils.mc\/?page_id=57"},{"@type":"ListItem","position":4,"name":"Ateliers du Bois"}]},{"@type":"WebSite","@id":"https:\/\/jbpastoretfils.mc\/#website","url":"https:\/\/jbpastoretfils.mc\/","name":"JB Pastor &amp; Fils - Monaco","description":"Construction Monaco","potentialAction":[{"@type":"SearchAction","target":{"@type":"EntryPoint","urlTemplate":"https:\/\/jbpastoretfils.mc\/?s={search_term_string}"},"query-input":{"@type":"PropertyValueSpecification","valueRequired":true,"valueName":"search_term_string"}}],"inLanguage":"fr-FR"}]}},"_links":{"self":[{"href":"https:\/\/jbpastoretfils.mc\/index.php?rest_route=\/wp\/v2\/pages\/32022"}],"collection":[{"href":"https:\/\/jbpastoretfils.mc\/index.php?rest_route=\/wp\/v2\/pages"}],"about":[{"href":"https:\/\/jbpastoretfils.mc\/index.php?rest_route=\/wp\/v2\/types\/page"}],"author":[{"embeddable":true,"href":"https:\/\/jbpastoretfils.mc\/index.php?rest_route=\/wp\/v2\/users\/2"}],"replies":[{"embeddable":true,"href":"https:\/\/jbpastoretfils.mc\/index.php?rest_route=%2Fwp%2Fv2%2Fcomments&post=32022"}],"version-history":[{"count":19,"href":"https:\/\/jbpastoretfils.mc\/index.php?rest_route=\/wp\/v2\/pages\/32022\/revisions"}],"predecessor-version":[{"id":51037,"href":"https:\/\/jbpastoretfils.mc\/index.php?rest_route=\/wp\/v2\/pages\/32022\/revisions\/51037"}],"up":[{"embeddable":true,"href":"https:\/\/jbpastoretfils.mc\/index.php?rest_route=\/wp\/v2\/pages\/57"}],"wp:featuredmedia":[{"embeddable":true,"href":"https:\/\/jbpastoretfils.mc\/index.php?rest_route=\/wp\/v2\/media\/32487"}],"wp:attachment":[{"href":"https:\/\/jbpastoretfils.mc\/index.php?rest_route=%2Fwp%2Fv2%2Fmedia&parent=32022"}],"wp:term":[{"taxonomy":"category","embeddable":true,"href":"https:\/\/jbpastoretfils.mc\/index.php?rest_route=%2Fwp%2Fv2%2Fcategories&post=32022"}],"curies":[{"name":"wp","href":"https:\/\/api.w.org\/{rel}","templated":true}]}}